{"id":68,"date":"2018-07-06T11:28:32","date_gmt":"2018-07-06T09:28:32","guid":{"rendered":"https:\/\/collectif-accad.fr\/site\/?page_id=68"},"modified":"2026-05-02T06:37:40","modified_gmt":"2026-05-02T04:37:40","slug":"accad","status":"publish","type":"page","link":"https:\/\/collectif-accad.fr\/site\/accad\/","title":{"rendered":"ACCAD"},"content":{"rendered":"<p style=\"text-align: center;\"><span style=\"font-family: arial black, sans-serif; font-size: 18pt;\"><strong>Trois rubriques<br \/>\n<\/strong><\/span><\/p>\n<p style=\"text-align: center;\"><img loading=\"lazy\" decoding=\"async\" class=\"alignnone size-full wp-image-1119\" src=\"https:\/\/collectif-accad.fr\/site\/wp-content\/uploads\/2018\/09\/Logo-ACCAD.jpg\" alt=\"\" width=\"847\" height=\"440\" srcset=\"https:\/\/collectif-accad.fr\/site\/wp-content\/uploads\/2018\/09\/Logo-ACCAD.jpg 847w, https:\/\/collectif-accad.fr\/site\/wp-content\/uploads\/2018\/09\/Logo-ACCAD-300x156.jpg 300w, https:\/\/collectif-accad.fr\/site\/wp-content\/uploads\/2018\/09\/Logo-ACCAD-768x399.jpg 768w\" sizes=\"auto, (max-width: 847px) 100vw, 847px\" \/><\/p>\n<p>https:\/\/collectif-accad.fr\/site\/collectif-accad\/caracteristiques\/<\/p>\n<p><span style=\"font-size: 24pt;\"><strong>adh\u00e9sion<\/strong><\/span> au collectif :<\/p>\n<p><a href=\"https:\/\/collectif-accad.fr\/site\/collectif-accad\/adhesion\/\">adhesion<\/a><\/p>\n<p><span style=\"font-size: 24pt;\"><strong>contact<\/strong><\/span> avec le collectif :<\/p>\n<p><a href=\"https:\/\/collectif-accad.fr\/site\/collectif-accad\/contact\/\">contact<\/a><\/p>\n<p style=\"text-align: center;\">** **<\/p>\n<p style=\"text-align: center;\"><span style=\"font-size: 24pt;\"><strong><span style=\"font-family: arial, helvetica, sans-serif;\">Les objectifs et actions du collectif ACCAD<\/span><\/strong><\/span><\/p>\n<p style=\"text-align: justify;\"><strong><span style=\"font-family: arial, helvetica, sans-serif;\">Anti Compteurs Communicants Artois Douaisis 5G<\/span><\/strong><\/p>\n<p style=\"text-align: justify;\"><strong><span style=\"font-family: arial black, sans-serif;\">Que voulons-nous\u00a0? Que faisons-nous modestement\u00a0?<\/span><\/strong><\/p>\n<p style=\"text-align: center;\"><span style=\"font-family: arial, helvetica, sans-serif;\">** **<\/span><\/p>\n<p style=\"text-align: center;\"><strong><span style=\"font-family: arial, helvetica, sans-serif; font-size: 18pt;\">Que voulons-nous\u00a0?<\/span><\/strong><\/p>\n<p style=\"text-align: justify;\"><span style=\"font-family: arial, helvetica, sans-serif;\">Une vie de contacts, naturelle, donc humaine et en lien avec le monde animal et la nature.<\/span><\/p>\n<p style=\"text-align: justify;\"><span style=\"font-family: arial, helvetica, sans-serif;\">Le combat que nous menons est d\u2019une importance capitale, au m\u00eame titre que ceux li\u00e9s au changement climatique, aux pesticides et aux guerres nucl\u00e9aires. Beaucoup de personnes n\u2019en sont pas vraiment conscientes car elles oublient souvent de mentionner le drame caus\u00e9 par la pollution \u00e9lectromagn\u00e9tique. C\u2019est ce qu\u2019on appelle la pollution OUBLI\u00c9E\u00a0!<\/span><\/p>\n<p style=\"text-align: justify;\"><span style=\"font-family: arial, helvetica, sans-serif;\">Les milliardaires du num\u00e9rique imposent leur technologie d\u00e9ploy\u00e9e sans \u00e9tude d\u2019impact sur l\u2019humain et l\u2019\u00e9cologie.<\/span><\/p>\n<p style=\"text-align: center;\"><span style=\"font-family: arial black, sans-serif; font-size: 18pt;\"><strong>Contre quoi le Collectif ACCAD se bat\u00a0?<\/strong><\/span><\/p>\n<ul style=\"text-align: justify;\">\n<li><span style=\"font-family: arial, helvetica, sans-serif;\"><strong>Les compteurs dits \u00ab\u00a0intelligents\u00a0\u00bb\u00a0<\/strong>: Linky mais aussi compteurs communicants gaz et eau. Cela passe en ce moment par un document (le proc\u00e8s LINKY) que nous avons envoy\u00e9 \u00e0 tous les \u00e9lu.es. Il faut rappeler sans cesse que les compteurs communicants ne sont pas obligatoires\u00a0; rappeler aussi que le Linky est tr\u00e8s autoritaire, douteux, cher, d\u00e9mocratiquement honteux, tr\u00e8s intrusif, nocif pour la sant\u00e9, tr\u00e8s \u00e9nergivore, facilement piratable, peu fiable et incons\u00e9quent.<\/span><\/li>\n<li><span style=\"font-family: arial, helvetica, sans-serif;\"><strong>L\u2019EHS (\u00c9lectroHyperSensibilit\u00e9)<\/strong>: cette maladie, maintenant reconnue, n\u2019est pas encore prise en consid\u00e9ration dans sa globalit\u00e9 par l\u2019ANSES qui ne fait pas le lien entre cette maladie et les Ondes \u00c9lectromagn\u00e9tiques (OEM)\u00a0! Trop de personnes souffrent et c\u2019est loin d\u2019\u00eatre fini. Les zones blanches se font de plus en plus rares\u00a0; la situation ne fait qu\u2019empirer avec la multiplication des antennes 5G (bient\u00f4t 6G) et la politique \u00e0 outrance de lancement de satellites, notamment avec Elon Musk.<\/span><\/li>\n<\/ul>\n<p style=\"text-align: justify;\"><span style=\"font-family: arial, helvetica, sans-serif;\">On peut comparer cet \u00e9tat de fait avec celui d\u00fb \u00e0 l\u2019utilisation de l\u2019amiante.<\/span><\/p>\n<ul style=\"text-align: justify;\">\n<li><span style=\"font-family: arial, helvetica, sans-serif;\"><strong>La 5G<\/strong> (et bient\u00f4t la 6G) et son monde\u00a0: le combat passe par de l\u2019information et des actions..<\/span><\/li>\n<li><span style=\"font-family: arial, helvetica, sans-serif;\"><strong>La surexposition des \u00e9crans et l\u2019addiction chez les jeunes \u2026 mais pas que<\/strong>! Il est indispensable de montrer l\u2019\u00e9tendue du probl\u00e8me \u2026 avec l\u2019influence des GAFAM et les pratiques du gouvernement et du minist\u00e8re de l\u2019\u00c9ducation nationale qui minimisent cet aspect et n\u2019ont pas encore tenu compte des nombreuses propositions int\u00e9ressantes remises le 30 avril 2024 par la \u00ab\u00a0<em>commission d\u2019experts sur l&rsquo;impact de l&rsquo;exposition des jeunes aux \u00e9crans<\/em>\u00a0\u00bb. C\u2019est d\u2019autant plus grave que les mesurettes \u00e0 venir ne r\u00e9soudront pas ce grave probl\u00e8me.<\/span><\/li>\n<\/ul>\n<p style=\"text-align: justify;\"><span style=\"font-family: arial, helvetica, sans-serif;\">Nous continuons \u00e0 contacter des \u00e9coles primaires, des coll\u00e8ges. Des communes soutiennent ces interventions.<\/span><\/p>\n<ul style=\"text-align: justify;\">\n<li><span style=\"font-family: arial, helvetica, sans-serif;\"><strong>La num\u00e9risation et la robotisation\u00a0de la soci\u00e9t\u00e9<\/strong> : nous commen\u00e7ons \u00e0 montrer que la num\u00e9risation a des r\u00e9percussions sur diff\u00e9rents plans (social, surveillance, dronisation, guerre \u2026) et qu\u2019elle engendre une surproduction d\u2019\u00e9lectricit\u00e9 et une surconsommation d\u2019eau dans les data centers pr\u00e9vus \u00e0 cet effet. C\u2019est une catastrophe humanitaire qui se pr\u00e9pare.<\/span><\/li>\n<\/ul>\n<p style=\"text-align: justify;\"><span style=\"font-family: arial, helvetica, sans-serif;\">Le num\u00e9rique commence par certains pays africains (Congo, Rwanda, Ouganda, \u2026) ou d\u2019Am\u00e9rique du sud. C\u2019est l\u2019extraction des minerais (cobalt, tantale \u2026 et environ 60 m\u00e9taux).<\/span><\/p>\n<p style=\"text-align: justify;\"><span style=\"font-family: arial, helvetica, sans-serif;\">L\u2019extraction de ces m\u00e9taux repr\u00e9sente une consommation d\u2019\u00e9nergie et d\u2019eau importante (extraire, transporter et raffiner les ressources m\u00e9talliques).<\/span><\/p>\n<p style=\"text-align: justify;\"><span style=\"font-family: arial, helvetica, sans-serif;\">Cela se fait au d\u00e9triment des populations locales (manque d\u2019eau, destruction des paysages, guerres pour les territoires) et des conditions de travail : des enfants creusent \u00e0 mains nues et subissent des \u00e9boulements \u2026 C\u2019est la pollution et la pr\u00e9carit\u00e9 d\u00e9localis\u00e9es.<\/span><\/p>\n<p style=\"text-align: justify;\"><span style=\"font-family: arial, helvetica, sans-serif;\">Cette cha\u00eene se poursuit par l\u2019assemblage des objets comme les smartphones : travail pr\u00e9caire et peu r\u00e9mun\u00e9r\u00e9, maladies dues notamment aux solvants (cancers etc\u2026).<\/span><\/p>\n<p style=\"text-align: justify;\"><span style=\"font-family: arial, helvetica, sans-serif;\">Puis cr\u00e9ation des r\u00e9seaux de t\u00e9l\u00e9communication et des centres de donn\u00e9es.<\/span><\/p>\n<p style=\"text-align: justify;\"><span style=\"font-family: arial, helvetica, sans-serif;\">En fin de vie, beaucoup de ces objets ne seront pas recycl\u00e9, la majorit\u00e9 repartira vers les pays du sud \u2026<\/span><\/p>\n<ul style=\"text-align: justify;\">\n<li><span style=\"font-family: arial, helvetica, sans-serif;\"><strong>L\u2019\u00ab\u00a0Intelligence\u00a0\u00bb Artificielle<\/strong><\/span><\/li>\n<\/ul>\n<p style=\"text-align: justify;\"><span style=\"font-family: arial, helvetica, sans-serif;\">Ce secteur aura des cons\u00e9quences dramatiques sur la condition humaine.<\/span><\/p>\n<p style=\"text-align: justify;\"><span style=\"font-family: arial, helvetica, sans-serif;\">L\u2019IA n\u00e9cessite un regroupement de centres de donn\u00e9es (Giga DATACENTERS) qui demandent une grande quantit\u00e9 de m\u00e9taux rares, une consommation importante d\u2019\u00e9lectricit\u00e9 et beaucoup d\u2019eau pour le refroidissement.<\/span><\/p>\n<p style=\"text-align: justify;\"><span style=\"font-family: arial, helvetica, sans-serif;\"><em>\u00ab D\u2019ici \u00e0 2027, l\u2019IA consommera autant d\u2019eau que la moiti\u00e9 du Royaume-Uni ou 4 \u00e0 6 Danemark. \u00bb<\/em><\/span><\/p>\n<p style=\"text-align: justify;\"><span style=\"font-family: arial, helvetica, sans-serif;\">L\u2019IA engendre par ailleurs des effets rebonds sur de nombreux autres secteurs et contribue \u00e0 accro\u00eetre son empreinte environnementale (robotique, a\u00e9rospatiale, ville \u00ab intelligente \u00bb ou smart city, r\u00e9seaux sociaux, etc.). Elle permet une utilisation de plus en plus croissante d\u2019objets qui servent principalement pour notre surveillance et pour la guerre\u2026 en bref pour nous obliger \u00e0 aller dans l\u2019optique des dirigeants actuels\u00a0: le formatage de la soci\u00e9t\u00e9 et la soumission \u00e0 cet ensemble \u00e9lectronum\u00e9rique.<\/span><\/p>\n<p style=\"text-align: justify;\"><span style=\"font-family: arial, helvetica, sans-serif;\"><em>\u00ab L\u2019intelligence artificielle acc\u00e9l\u00e8re le d\u00e9sastre \u00e9cologique, renforce les injustices et aggrave la concentration des pouvoirs \u00bb<\/em><\/span><\/p>\n<p style=\"text-align: center;\"><span style=\"font-family: arial, helvetica, sans-serif;\"><em>** **<\/em><\/span><\/p>\n<p style=\"text-align: center;\"><span style=\"font-family: arial black, sans-serif;\">Que voulons-nous\u00a0?<\/span><\/p>\n<p style=\"text-align: center;\"><span style=\"font-family: arial black, sans-serif;\">Le droit \u00e0 la d\u00e9connexion\/Non connexion<\/span><\/p>\n<p style=\"text-align: justify;\"><span style=\"font-family: arial black, sans-serif;\"><strong>La connexion num\u00e9rique doit \u00eatre une option, pas une obligation<\/strong><\/span><\/p>\n<p style=\"text-align: justify;\"><span style=\"font-family: arial, helvetica, sans-serif;\">Vaste programme\u00a0!<\/span><\/p>\n<p style=\"text-align: center;\"><span style=\"font-family: arial, helvetica, sans-serif;\">** **<\/span><\/p>\n<p style=\"text-align: center;\"><span style=\"font-family: arial black, sans-serif;\">Qu\u2019avons-nous fait modestement depuis 2018\u00a0?<\/span><\/p>\n<p style=\"text-align: justify;\"><span style=\"font-family: arial, helvetica, sans-serif;\">Nous avons commenc\u00e9 par le <strong>probl\u00e8me du Linky<\/strong>. Nous avons anim\u00e9 des r\u00e9unions publiques dans diff\u00e9rentes communes. Pour exemples, Angres, Billy-Montigny, Courcelles-les-Lens, Leforest, Lens, Loos-en-Gohelle \u2026<\/span><\/p>\n<p style=\"text-align: justify;\"><span style=\"font-family: arial, helvetica, sans-serif;\">En 2019, <strong>Madame MOREL<\/strong> avait accept\u00e9 le compteur Linky. Comme sa facture a \u00e9t\u00e9 multipli\u00e9e par 5, elle a refus\u00e9 de payer le suppl\u00e9ment. C\u2019est \u00e0 ce moment que nous l\u2019avons soutenue. Puis Enedis a coup\u00e9 le courant. Donc, une plainte en justice a \u00e9t\u00e9 d\u00e9pos\u00e9e. Cela a abouti, le 22 novembre, \u00e0 la d\u00e9faite d\u2019Enedis qui a d\u00fb payer des frais pour disfonctionnement.<\/span><\/p>\n<p style=\"text-align: justify;\"><span style=\"font-family: arial, helvetica, sans-serif;\">Nous avons failli faire venir Annie SASCO \u2013 universitaire mondialement connue &#8211; pour trois conf\u00e9rences. Cela a \u00e9t\u00e9 annul\u00e9 \u00e0 cause du Covid.<\/span><br \/>\n<span style=\"font-family: arial, helvetica, sans-serif;\"><strong>Nous avons fait venir<\/strong> \u2013 \u00e0 chaque fois pour trois conf\u00e9rences \u2013 Nicolas BERARD &#8211; journaliste et \u00e9crivain -, Fabien LEBRUN (2 fois) &#8211; universitaire et \u00e9crivain -, Christophe MERGAULT &#8211; EHS, activiste, condamn\u00e9 par la justice, suicid\u00e9 en octobre 2022 \u2013, Anthony BRUN \u2013 EHS, ing\u00e9nieur, \u00e9crivain -, Sabine DUFLO \u2013 psychologue, \u00e9crivaine, sp\u00e9cialiste des addictions aux \u00e9crans.<\/span><\/p>\n<p style=\"text-align: justify;\"><span style=\"font-family: arial, helvetica, sans-serif;\"><strong>Pr\u00e8s de LESTREM<\/strong>, nous avons aid\u00e9 des militants qui refusaient l\u2019implantation d\u2019une antenne 5G.Ce qui fait que Free a d\u00fb laisser tomber le projet \u2013 notamment \u00e0 cause d\u2019une erreur technique de leur part, erreur qui avait \u00e9t\u00e9 d\u00e9cel\u00e9e d\u00e8s le d\u00e9part par les militants locaux.<\/span><\/p>\n<p style=\"text-align: justify;\"><span style=\"font-family: arial, helvetica, sans-serif;\">Nous avons aid\u00e9 le maire et le conseil municipal de la <strong>commune de Li\u00e8res<\/strong> (pr\u00e8s de Lillers) \u00e0 la suite d\u2019un projet d\u2019implantation d\u2019antenne 5G.<\/span><\/p>\n<p style=\"text-align: justify;\"><span style=\"font-family: arial, helvetica, sans-serif;\"><strong>Maladie EHS<\/strong>\u00a0: nous avons connue une personne pr\u00e9nomm\u00e9e Rouge-Gorge\u00a0; elle nous a aid\u00e9, notamment en visio \u00e0 Avion. Elle \u00e9tait tellement sensible aux ondes \u00e9lectromagn\u00e9tiques (OEM) qu\u2019elle a d\u00fb quitter la r\u00e9gion et voyager (\u00a0!!!) dans un camping-car capitonn\u00e9. Cela na pas suffi pour \u00e9liminer ses douleurs. Le summum a \u00e9t\u00e9 atteint quand elle a appris que, pr\u00e9s de son terrain pr\u00eat\u00e9 par un ami, allait s\u2019implanter une antenne 6G. Elle s\u2019est suicid\u00e9e en octobre 2023.<\/span><\/p>\n<p style=\"text-align: justify;\"><span style=\"font-family: arial, helvetica, sans-serif;\"><strong>EHS\u00a0<\/strong>: nous avons assist\u00e9 \u00e0 deux rencontres internationales sur le sujet \u00e0 Ri\u00e8zes (Belerique).<\/span><\/p>\n<p style=\"text-align: justify;\"><span style=\"font-family: arial, helvetica, sans-serif;\">A propos de la <strong>surexposition des \u00e9crans<\/strong>, nous avons li\u00e9 contact avec des mairies, \u00e9coles primaires et coll\u00e8ges\u00a0: Billy-Berclau, Courcelles-les-Lens, Leforest, Loos-en-Gohelle, Vimy, \u2026<\/span><\/p>\n<p style=\"text-align: justify;\"><span style=\"font-family: arial, helvetica, sans-serif;\">Nous sommes en <strong>contact avec plusieurs associations<\/strong>\u00a0: le r\u00e9seau national anti Linky\u00a0; le collectif nantais, Robin des toits, collectif pays de Cond\u00e9, Stop Linky Avion, Enfance-T\u00e9l\u00e9-Danger (Boulonnais), Leforest-Environnement, CoLINE, Assises de l\u2019attention, L\u00e8ve les yeux, Stop5G Belgique \u2026<\/span><\/p>\n<p style=\"text-align: justify;\"><span style=\"font-family: arial, helvetica, sans-serif;\">En juin 2024, nous avons particip\u00e9 avec d\u2019autres associations \u00e0 la constitution du dossier \u00ab\u00a0Proc\u00e8s Linky\u00a0\u00bb qui a \u00e9t\u00e9 envoy\u00e9 \u00e0 tous les parlementaires. Devant le peu de r\u00e9actions, nous l\u2019avons \u00e9toff\u00e9 et envoy\u00e9 de nouveau en juin 2025\u00a0: presque le m\u00eame r\u00e9sultat.<\/span><\/p>\n<p style=\"text-align: justify;\"><span style=\"font-family: arial, helvetica, sans-serif;\">Nous sommes ax\u00e9s actuellement sur la <strong>probl\u00e9matique des data centers et de l\u2019IA<\/strong>\u00a0: vaste programm\u00e9 tellement escamot\u00e9 et pas du tout mis en avant par les \u00e9lus alors la place de l\u2019Homme, du monde animal et de la nature est totalement impact\u00e9e.<\/span><\/p>\n<p style=\"text-align: justify;\"><span style=\"font-family: arial, helvetica, sans-serif;\">Nous confectionnons des tracts\u00a0; sur le Linky, sur la 5G, sur la surexposition des \u00e9crans, sur le num\u00e9rique, sur la pollution oubli\u00e9e qu\u2019est la pollution \u00e9lectronum\u00e9rique.<\/span><\/p>\n<p style=\"text-align: justify;\"><span style=\"font-family: arial, helvetica, sans-serif;\">Nous alimentons r\u00e9guli\u00e8rement le site du collectif.<\/span><\/p>\n","protected":false},"excerpt":{"rendered":"<p>Trois rubriques https:\/\/collectif-accad.fr\/site\/collectif-accad\/caracteristiques\/ adh\u00e9sion au collectif : adhesion contact avec le collectif : contact ** ** Les objectifs et actions du collectif ACCAD Anti Compteurs Communicants Artois Douaisis 5G Que voulons-nous\u00a0? Que faisons-nous modestement\u00a0? ** ** Que voulons-nous\u00a0? Une vie de contacts, naturelle, donc humaine et en lien avec le monde animal et la nature. &hellip; <a href=\"https:\/\/collectif-accad.fr\/site\/accad\/\" class=\"more-link\">Continuer la lecture de <span class=\"screen-reader-text\">ACCAD<\/span><\/a><\/p>\n","protected":false},"author":4,"featured_media":0,"parent":0,"menu_order":0,"comment_status":"closed","ping_status":"closed","template":"","meta":{"footnotes":""},"class_list":["post-68","page","type-page","status-publish","hentry"],"_links":{"self":[{"href":"https:\/\/collectif-accad.fr\/site\/wp-json\/wp\/v2\/pages\/68","targetHints":{"allow":["GET"]}}],"collection":[{"href":"https:\/\/collectif-accad.fr\/site\/wp-json\/wp\/v2\/pages"}],"about":[{"href":"https:\/\/collectif-accad.fr\/site\/wp-json\/wp\/v2\/types\/page"}],"author":[{"embeddable":true,"href":"https:\/\/collectif-accad.fr\/site\/wp-json\/wp\/v2\/users\/4"}],"replies":[{"embeddable":true,"href":"https:\/\/collectif-accad.fr\/site\/wp-json\/wp\/v2\/comments?post=68"}],"version-history":[{"count":31,"href":"https:\/\/collectif-accad.fr\/site\/wp-json\/wp\/v2\/pages\/68\/revisions"}],"predecessor-version":[{"id":14855,"href":"https:\/\/collectif-accad.fr\/site\/wp-json\/wp\/v2\/pages\/68\/revisions\/14855"}],"wp:attachment":[{"href":"https:\/\/collectif-accad.fr\/site\/wp-json\/wp\/v2\/media?parent=68"}],"curies":[{"name":"wp","href":"https:\/\/api.w.org\/{rel}","templated":true}]}}